{"id":2505,"date":"2016-07-05T08:55:43","date_gmt":"2016-07-05T07:55:43","guid":{"rendered":"http:\/\/persoclo.fr\/?post_type=product&#038;p=2505"},"modified":"2018-12-17T20:26:06","modified_gmt":"2018-12-17T19:26:06","slug":"jupe-convivialite-modulable","status":"publish","type":"product","link":"https:\/\/persoclo.fr\/en\/shopping\/jupe-convivialite-modulable\/","title":{"rendered":"Jupe &#8220;Convivialit\u00e9&#8221; &#8211; Modulable"},"content":{"rendered":"<p style=\"text-align: justify;\"><strong>Tissu principal<\/strong><\/p>\n<p style=\"text-align: justify;\"><em>Inspiration :\u00a0<\/em>Les r\u00e9miniscences d\u2019une soir\u00e9e pass\u00e9e sur une tr\u00e8s c\u00e9l\u00e8bre place au Maroc\u2026 Dans envo\u00fbtement de la nuit noire, un noir profond auquel ce tissu fait \u00e9cho, les charmes des moments de convivialit\u00e9\u00a0\u00e9clairent de joie les coeurs.<\/p>\n<p style=\"text-align: justify;\"><em>Composition :\u00a0<\/em>100% Polyester Stretch, \u00e0 partir de fibre Natura\u00ae.<\/p>\n<p style=\"text-align: justify;\">Cette fibre offre une durabilit\u00e9 exceptionnelle et un toucher coton : ce \u00ab\u00a0coton synth\u00e9tique\u00a0\u00bb est donc sans dommages pour la Nature, au contraire du coton naturel qui requiert pr\u00e8s de 30 000 L d\u2019eau pour en produire 1kg.\u00a0Le tissu principal de \u00ab\u00a0Partage\u00a0\u00bb est tiss\u00e9 et ennobli par une entreprise fran\u00e7aise en Rh\u00f4ne-Alpes, et certifi\u00e9 selon la norme humano-\u00e9cologique Oeko-Tex\u00ae Classe 100.<\/p>\n<p style=\"text-align: justify;\"><strong>Doublure<\/strong><\/p>\n<p style=\"text-align: justify;\"><em>Dor\u00e9e<\/em><\/p>\n<p style=\"text-align: justify;\"><em>Inspiration :\u00a0<\/em>Invisible de l\u2019ext\u00e9rieur, la couleur caract\u00e9ristique des doublures de vos robes symbolise que la v\u00e9ritable richesse, dont l\u2019or est le symbole, est int\u00e9rieure.<\/p>\n<p style=\"text-align: justify;\"><em>Composition :\u00a0<\/em>65% Ac\u00e9tate de cellulose, 35% Polyester.<\/p>\n<p style=\"text-align: justify;\">L\u2019ac\u00e9tate de cellulose est une fibre r\u00e9g\u00e9n\u00e9r\u00e9e fabriqu\u00e9e \u00e0 partir de bois de pin. Elle offre une bonne r\u00e9tention de forme et est douce et lustr\u00e9e. La doublure est stretch, pour plus de confort.<\/p>\n","protected":false},"excerpt":{"rendered":"<p style=\"text-align: justify;\">Le tissu du module de robe \u201c<strong>Convivialit\u00e9<\/strong>\u201d\u00a0est\u00a0n\u00e9 d\u2019une innovation\u00a0en Rh\u00f4ne-Alpes, o\u00f9 il est \u00e9galement tiss\u00e9. Ce tissu b\u00e9n\u00e9ficie de la certification \u201cOeko-Tex\u00ae\u201d et est fa\u00e7onn\u00e9 dans un atelier d\u2019excellence\u00a0\u00e0 Marseille.\u00a0Son noir profond\u00a0rappelle une soir\u00e9e conviviale\u00a0au Maroc, tout en b\u00e9n\u00e9ficiant de la beaut\u00e9 du\u00a0<strong>savoir-faire fran\u00e7ais<\/strong>. La fermeture \u00e9clair vous permet de\u00a0<strong>combiner ce module<\/strong>\u00a0avec les autres pour cr\u00e9er votre robe, ou de le porter comme une jupe !<\/p>\n<p style=\"text-align: justify;\">#madeinfrance #prestigiouslabels #playwithitasapuzzle<\/p>\n<p style=\"text-align: justify;\"><img loading=\"lazy\" decoding=\"async\" class=\"size-full wp-image-2494 aligncenter\" src=\"http:\/\/persoclo.fr\/wp-content\/uploads\/2016\/07\/tailles-GH.png\" alt=\"tailles GH\" width=\"1104\" height=\"301\" srcset=\"https:\/\/persoclo.fr\/wp-content\/uploads\/2016\/07\/tailles-GH.png 1104w, https:\/\/persoclo.fr\/wp-content\/uploads\/2016\/07\/tailles-GH-600x164.png 600w, https:\/\/persoclo.fr\/wp-content\/uploads\/2016\/07\/tailles-GH-300x82.png 300w, https:\/\/persoclo.fr\/wp-content\/uploads\/2016\/07\/tailles-GH-768x209.png 768w, https:\/\/persoclo.fr\/wp-content\/uploads\/2016\/07\/tailles-GH-1024x279.png 1024w\" sizes=\"auto, (max-width: 1104px) 100vw, 1104px\" \/><\/p>\n<p style=\"text-align: center;\"><span style=\"color: #ff0000;\"><strong><a style=\"color: #ff0000;\" href=\"http:\/\/persoclo.fr\/produit\/robes-modulables-made-in-france\/\">\u00a0-cliquez ici pour Assembler sa robe modulable-<\/a><\/strong><\/span><\/p>\n<p style=\"text-align: center;\">ou<\/p>\n<p style=\"text-align: center;\"><span style=\"color: #3366ff;\"><strong>-Choisir la taille pour ajouter au panier-<\/strong><\/span><\/p>\n","protected":false},"featured_media":2062,"comment_status":"open","ping_status":"closed","template":"","meta":[],"product_brand":[],"product_cat":[6,231,42,215],"product_tag":[230],"class_list":{"0":"post-2505","1":"product","2":"type-product","3":"status-publish","4":"has-post-thumbnail","6":"product_cat-femme","7":"product_cat-jupes","8":"product_cat-tout","9":"product_cat-vetements","10":"product_tag-modulable","12":"first","13":"instock","14":"taxable","15":"shipping-taxable","16":"purchasable","17":"product-type-variable"},"translation":{"provider":"WPGlobus","version":"3.0.2","language":"en","enabled_languages":["fr","en"],"languages":{"fr":{"title":true,"content":true,"excerpt":true},"en":{"title":false,"content":false,"excerpt":false}}},"aioseo_notices":[],"_links":{"self":[{"href":"https:\/\/persoclo.fr\/en\/wp-json\/wp\/v2\/product\/2505","targetHints":{"allow":["GET"]}}],"collection":[{"href":"https:\/\/persoclo.fr\/en\/wp-json\/wp\/v2\/product"}],"about":[{"href":"https:\/\/persoclo.fr\/en\/wp-json\/wp\/v2\/types\/product"}],"replies":[{"embeddable":true,"href":"https:\/\/persoclo.fr\/en\/wp-json\/wp\/v2\/comments?post=2505"}],"wp:featuredmedia":[{"embeddable":true,"href":"https:\/\/persoclo.fr\/en\/wp-json\/wp\/v2\/media\/2062"}],"wp:attachment":[{"href":"https:\/\/persoclo.fr\/en\/wp-json\/wp\/v2\/media?parent=2505"}],"wp:term":[{"taxonomy":"product_brand","embeddable":true,"href":"https:\/\/persoclo.fr\/en\/wp-json\/wp\/v2\/product_brand?post=2505"},{"taxonomy":"product_cat","embeddable":true,"href":"https:\/\/persoclo.fr\/en\/wp-json\/wp\/v2\/product_cat?post=2505"},{"taxonomy":"product_tag","embeddable":true,"href":"https:\/\/persoclo.fr\/en\/wp-json\/wp\/v2\/product_tag?post=2505"}],"curies":[{"name":"wp","href":"https:\/\/api.w.org\/{rel}","templated":true}]}}