{"id":281,"date":"2015-11-02T03:33:57","date_gmt":"2015-11-02T02:33:57","guid":{"rendered":"http:\/\/persoclo.fr\/?page_id=281"},"modified":"2020-08-26T13:59:37","modified_gmt":"2020-08-26T12:59:37","slug":"qui-sommes-nous","status":"publish","type":"page","link":"https:\/\/persoclo.fr\/en\/besoin-daide\/qui-sommes-nous\/","title":{"rendered":"Qui sommes-nous?"},"content":{"rendered":"<div id=\"pl-281\"  class=\"panel-layout\" ><div id=\"pg-281-0\"  class=\"panel-grid panel-has-style\" ><div class=\"panel-row-style panel-row-style-for-281-0\" ><div id=\"pgc-281-0-0\"  class=\"panel-grid-cell\" ><div id=\"panel-281-0-0-0\" class=\"so-panel widget widget_sow-editor panel-first-child\" data-index=\"0\" ><div\n\t\t\t\n\t\t\tclass=\"so-widget-sow-editor so-widget-sow-editor-base\"\n\t\t\t\n\t\t>\n<div class=\"siteorigin-widget-tinymce textwidget\">\n\t<p><img loading=\"lazy\" decoding=\"async\" class=\"aligncenter  wp-image-3256\" src=\"https:\/\/persoclo.fr\/wp-content\/uploads\/2016\/11\/heart-shape-button-and-icon-psd-52996.jpg\" alt=\"\" width=\"75\" height=\"56\" srcset=\"https:\/\/persoclo.fr\/wp-content\/uploads\/2016\/11\/heart-shape-button-and-icon-psd-52996.jpg 610w, https:\/\/persoclo.fr\/wp-content\/uploads\/2016\/11\/heart-shape-button-and-icon-psd-52996-600x450.jpg 600w, https:\/\/persoclo.fr\/wp-content\/uploads\/2016\/11\/heart-shape-button-and-icon-psd-52996-300x225.jpg 300w, https:\/\/persoclo.fr\/wp-content\/uploads\/2016\/11\/heart-shape-button-and-icon-psd-52996-500x380.jpg 500w\" sizes=\"auto, (max-width: 75px) 100vw, 75px\" \/><\/p>\n<\/div>\n<\/div><\/div><div id=\"panel-281-0-0-1\" class=\"so-panel widget widget_sow-accordion\" data-index=\"1\" ><div\n\t\t\t\n\t\t\tclass=\"so-widget-sow-accordion so-widget-sow-accordion-default-d81b7055c2c6-281\"\n\t\t\t\n\t\t><div>\n\t<div class=\"sow-accordion\">\n\t\t\t<div class=\"sow-accordion-panel\n\t\t\t\t\t\"\n\t\t\t\tdata-anchor-id=\"lhistoire\">\n\t\t\t\t\t<div class=\"sow-accordion-panel-header-container\" role=\"heading\" aria-level=\"2\">\n\t\t\t\t\t<div class=\"sow-accordion-panel-header\" tabindex=\"0\" role=\"button\" id=\"accordion-label-lhistoire\" aria-controls=\"accordion-content-lhistoire\" aria-expanded=\"false\">\n\t\t\t\t\t\t<div class=\"sow-accordion-title sow-accordion-title-icon-left\">\n\t\t\t\t\t\t\t\t\t\t\t\t\t\tL'histoire\t\t\t\t\t\t\t\t\t\t\t\t\t<\/div>\n\t\t\t\t\t\t<div class=\"sow-accordion-open-close-button\">\n\t\t\t\t\t\t\t<div class=\"sow-accordion-open-button\">\n\t\t\t\t\t\t\t\t<span class=\"sow-icon-ionicons\" data-sow-icon=\"&#xf218;\"\n\t\t \n\t\taria-hidden=\"true\"><\/span>\t\t\t\t\t\t\t<\/div>\n\t\t\t\t\t\t\t<div class=\"sow-accordion-close-button\">\n\t\t\t\t\t\t\t\t<span class=\"sow-icon-ionicons\" data-sow-icon=\"&#xf209;\"\n\t\t \n\t\taria-hidden=\"true\"><\/span>\t\t\t\t\t\t\t<\/div>\n\t\t\t\t\t\t<\/div>\n\t\t\t\t\t<\/div>\n\t\t\t\t<\/div>\n\n\t\t\t<div\n\t\t\t\tclass=\"sow-accordion-panel-content\"\n\t\t\t\trole=\"region\"\n\t\t\t\taria-labelledby=\"accordion-label-lhistoire\"\n\t\t\t\tid=\"accordion-content-lhistoire\"\n\t\t\t\tstyle=\"display: none;\"\t\t\t>\n\t\t\t\t<div class=\"sow-accordion-panel-border\">\n\t\t\t\t\t<div id=\"pg-3380-0\">\n<div id=\"pgc-3380-0-0\">\n<div id=\"panel-3380-0-0-1\" data-index=\"1\">\n<div dir=\"auto\" style=\"text-align: center;\"><strong>Tout commence par un constat:<\/strong><\/div>\n<div dir=\"auto\" style=\"text-align: center;\">\n<hr \/>\n<div dir=\"auto\">\n<p>La mode a une responsabilit\u00e9 dans les principaux enjeux sociaux et environnementaux.<\/p>\n<p>La plupart des produits textiles sont fabriqu\u00e9s en Asie.<\/p>\n<p>Certains mat\u00e9riaux utilis\u00e9s sont parmi les plus polluants.<\/p>\n<p>La culture du coton utilise 28 % des pesticides mondiaux, alors qu\u2019il ne repr\u00e9sente pas plus de 2,5 % des terres cultiv\u00e9es.<\/p>\n<p>Les conditions de travail et les salaires des ouvriers de base dans cette branche sont souvent parmi les plus d\u00e9plorables, surtout au regard des profits importants r\u00e9alis\u00e9s par les interm\u00e9diaires et les marques.<\/p>\n<\/div>\n<\/div>\n<div dir=\"auto\">\n<div dir=\"auto\" style=\"text-align: center;\">La qu\u00eate aux \u00e9conomies d\u2019\u00e9chelles et aux co\u00fbts de fabrication les plus bas, a mis a mal le tissu industriel fran\u00e7ais.<\/div>\n<div dir=\"auto\" style=\"text-align: center;\">D\u00e9localisations, perte du patrimoine culturel, artisanal et professionnel, baisse de la qualit\u00e9 des produits...<\/div>\n<div dir=\"auto\"><\/div>\n<div dir=\"auto\" style=\"text-align: center;\">Entretien de fili\u00e8res peu scrupuleuses et cautionnement de conditions de travail proches de l'esclavage dans les pays producteurs...<\/div>\n<\/div>\n<\/div>\n<div dir=\"auto\"><\/div>\n<div dir=\"auto\" style=\"text-align: center;\">Des modes et des standards de tailles impos\u00e9s par la fili\u00e8re. En effet, il n'est pas facile de trouver sa taille quand on n'entre pas dans les standards; ou de trouver un mod\u00e8le particulier si il n'est pas dans les catalogues des industriels (comme trouver un short long si les marques ne proposent que des shorts courts..).<\/div>\n<div id=\"panel-3380-0-0-1\" data-index=\"1\">\n<div dir=\"auto\">\n<div dir=\"auto\"><\/div>\n<div dir=\"auto\" style=\"text-align: center;\">Ces incoh\u00e9rences nous ont pouss\u00e9s \u00e0 agir.<\/div>\n<div dir=\"auto\"><\/div>\n<\/div>\n<div dir=\"auto\" style=\"text-align: center;\">\n<hr \/>\n<p><strong>Puis une id\u00e9e:<\/strong><\/p>\n<\/div>\n<div dir=\"auto\" style=\"text-align: center;\">Soutenir les cr\u00e9ateurs et producteurs fran\u00e7ais \u00e0 promouvoir leurs cr\u00e9ations en leur donnant de la visibilit\u00e9.<\/div>\n<\/div>\n<\/div>\n<div dir=\"auto\"><\/div>\n<div dir=\"auto\" style=\"text-align: center;\">Permettre aux consommateurs de b\u00e9n\u00e9ficier d'informations claires et compl\u00e8tes quant aux produits propos\u00e9s.<\/div>\n<\/div>\n<div dir=\"auto\"><\/div>\n<div dir=\"auto\" style=\"text-align: center;\">Cr\u00e9er un lieux d'\u00e9change direct entre les consommateurs et des professionnels fran\u00e7ais, engag\u00e9s et passionn\u00e9s (artisans, cr\u00e9ateurs, industriels ...).<\/div>\n<div id=\"pg-3380-0\">\n<div id=\"pgc-3380-0-0\">\n<div id=\"panel-3380-0-0-1\" data-index=\"1\">\n<div dir=\"auto\" style=\"text-align: center;\"><\/div>\n<div dir=\"auto\" style=\"text-align: center;\">\n<hr \/>\n<p><strong>Puis une \u00e9vidence:<\/strong><\/p>\n<p style=\"text-align: left;\">\n<\/p><\/div>\n<div dir=\"auto\" style=\"text-align: center;\">Cr\u00e9er une plateforme en ligne regroupant les cr\u00e9ateurs fran\u00e7ais soucieux d'une production responsable et \"Made in France\", des artisans qui privil\u00e9gient une approche responsable, et des consommateurs engag\u00e9s et avertis.<\/div>\n<div dir=\"auto\" style=\"text-align: center;\"><\/div>\n<div dir=\"auto\" style=\"text-align: center;\">La plateforme PersoClo est n\u00e9e en f\u00e9vrier 2014, \u00e0 partir d'une envie profonde de proposer une consommation alternative,\u00a0 et surtout d'\u00e9veiller la conscience de chacun pour changer les mauvaises habitudes.<\/div>\n<div dir=\"auto\" style=\"text-align: center;\"><\/div>\n<div dir=\"auto\" style=\"text-align: center;\">C'est ainsi que nous avons lanc\u00e9 un Blog d\u2019information et une e-boutique et nou\u00e9 les premiers partenariats de distribution.<\/div>\n<\/div>\n<\/div>\n<\/div>\n<div id=\"pg-3380-1\">\n<div id=\"pgc-3380-1-0\">\n<div id=\"panel-3380-1-0-1\" style=\"text-align: center;\" data-index=\"3\">\n<div>\n<div>\n<p>En septembre 2016, notre d\u00e9veloppement nous pousse \u00e0 changer de logo et de plateforme en ligne.<\/p>\n<\/div>\n<\/div>\n<\/div>\n<div id=\"panel-3380-1-0-4\" data-index=\"6\">\n<div>\n<div>\n<p style=\"text-align: center;\">En\u00a0Novembre 2016, nous organisons notre premi\u00e8re boutique \u00e9ph\u00e9m\u00e8re \u00e0 Nancy.<\/p>\n<hr \/>\n<p style=\"text-align: center;\"><strong>Logo<\/strong><\/p>\n<p style=\"text-align: center;\"><\/p>\n<\/div>\n<\/div>\n<\/div>\n<\/div>\n<\/div>\n\t\t\t\t<\/div>\n\t\t\t<\/div>\n\t\t<\/div>\n\t\t\t<div class=\"sow-accordion-panel\n\t\t\t\t\t\"\n\t\t\t\tdata-anchor-id=\"lequipe\">\n\t\t\t\t\t<div class=\"sow-accordion-panel-header-container\" role=\"heading\" aria-level=\"2\">\n\t\t\t\t\t<div class=\"sow-accordion-panel-header\" tabindex=\"0\" role=\"button\" id=\"accordion-label-l%c3%a9quipe\" aria-controls=\"accordion-content-l%c3%a9quipe\" aria-expanded=\"false\">\n\t\t\t\t\t\t<div class=\"sow-accordion-title sow-accordion-title-icon-left\">\n\t\t\t\t\t\t\t\t\t\t\t\t\t\tL'\u00e9quipe\t\t\t\t\t\t\t\t\t\t\t\t\t<\/div>\n\t\t\t\t\t\t<div class=\"sow-accordion-open-close-button\">\n\t\t\t\t\t\t\t<div class=\"sow-accordion-open-button\">\n\t\t\t\t\t\t\t\t<span class=\"sow-icon-ionicons\" data-sow-icon=\"&#xf218;\"\n\t\t \n\t\taria-hidden=\"true\"><\/span>\t\t\t\t\t\t\t<\/div>\n\t\t\t\t\t\t\t<div class=\"sow-accordion-close-button\">\n\t\t\t\t\t\t\t\t<span class=\"sow-icon-ionicons\" data-sow-icon=\"&#xf209;\"\n\t\t \n\t\taria-hidden=\"true\"><\/span>\t\t\t\t\t\t\t<\/div>\n\t\t\t\t\t\t<\/div>\n\t\t\t\t\t<\/div>\n\t\t\t\t<\/div>\n\n\t\t\t<div\n\t\t\t\tclass=\"sow-accordion-panel-content\"\n\t\t\t\trole=\"region\"\n\t\t\t\taria-labelledby=\"accordion-label-l%c3%a9quipe\"\n\t\t\t\tid=\"accordion-content-l%c3%a9quipe\"\n\t\t\t\tstyle=\"display: none;\"\t\t\t>\n\t\t\t\t<div class=\"sow-accordion-panel-border\">\n\t\t\t\t\t<p><img loading=\"lazy\" decoding=\"async\" class=\"wp-image-2079 aligncenter\" src=\"https:\/\/persoclo.fr\/wp-content\/uploads\/2015\/11\/equipe_1.png\" alt=\"PersoTeam\" width=\"158\" height=\"96\" srcset=\"https:\/\/persoclo.fr\/wp-content\/uploads\/2015\/11\/equipe_1.png 400w, https:\/\/persoclo.fr\/wp-content\/uploads\/2015\/11\/equipe_1-300x182.png 300w\" sizes=\"auto, (max-width: 158px) 100vw, 158px\" \/><\/p>\n<h4 style=\"text-align: center;\"><strong>Notre \u00e9quipe est organis\u00e9e en 3 p\u00f4les<\/strong><\/h4>\n<p style=\"text-align: center;\">================<\/p>\n<p style=\"text-align: center;\"><b>Relation Clients<\/b><\/p>\n<p style=\"text-align: center;\">================<\/p>\n<p style=\"text-align: center;\"><strong>Relations Partenaires<\/strong><\/p>\n<p style=\"text-align: center;\">================<\/p>\n<p style=\"text-align: center;\"><strong>Support Informatique<\/strong><\/p>\n<p style=\"text-align: center;\">PEEGMO<\/p>\n<p style=\"text-align: center;\"><a href=\"https:\/\/peegmo.wordpress.com\/\">Site<\/a><\/p>\n\t\t\t\t<\/div>\n\t\t\t<\/div>\n\t\t<\/div>\n\t\t\t<div class=\"sow-accordion-panel\n\t\t\t\t\t\"\n\t\t\t\tdata-anchor-id=\"nos-ambitions\">\n\t\t\t\t\t<div class=\"sow-accordion-panel-header-container\" role=\"heading\" aria-level=\"2\">\n\t\t\t\t\t<div class=\"sow-accordion-panel-header\" tabindex=\"0\" role=\"button\" id=\"accordion-label-nos-ambitions\" aria-controls=\"accordion-content-nos-ambitions\" aria-expanded=\"false\">\n\t\t\t\t\t\t<div class=\"sow-accordion-title sow-accordion-title-icon-left\">\n\t\t\t\t\t\t\t\t\t\t\t\t\t\tNos ambitions\t\t\t\t\t\t\t\t\t\t\t\t\t<\/div>\n\t\t\t\t\t\t<div class=\"sow-accordion-open-close-button\">\n\t\t\t\t\t\t\t<div class=\"sow-accordion-open-button\">\n\t\t\t\t\t\t\t\t<span class=\"sow-icon-ionicons\" data-sow-icon=\"&#xf218;\"\n\t\t \n\t\taria-hidden=\"true\"><\/span>\t\t\t\t\t\t\t<\/div>\n\t\t\t\t\t\t\t<div class=\"sow-accordion-close-button\">\n\t\t\t\t\t\t\t\t<span class=\"sow-icon-ionicons\" data-sow-icon=\"&#xf209;\"\n\t\t \n\t\taria-hidden=\"true\"><\/span>\t\t\t\t\t\t\t<\/div>\n\t\t\t\t\t\t<\/div>\n\t\t\t\t\t<\/div>\n\t\t\t\t<\/div>\n\n\t\t\t<div\n\t\t\t\tclass=\"sow-accordion-panel-content\"\n\t\t\t\trole=\"region\"\n\t\t\t\taria-labelledby=\"accordion-label-nos-ambitions\"\n\t\t\t\tid=\"accordion-content-nos-ambitions\"\n\t\t\t\tstyle=\"display: none;\"\t\t\t>\n\t\t\t\t<div class=\"sow-accordion-panel-border\">\n\t\t\t\t\t<p style=\"text-align: justify;\">La boutique en ligne\u00a0<strong>PersoClo<\/strong>\u00a0a \u00e9t\u00e9 cr\u00e9\u00e9e en mars 2014 avec pour ambition de mettre \u00e0 la port\u00e9e du plus grand nombre d'entre nous des\u00a0<strong>v\u00eatements<\/strong>\u00a0<strong>\u00e9thiques et esth\u00e9tiques<\/strong>. Nous s\u00e9lectionnons nos fournisseurs selon leur respect, pour la fabrication et la commercialisation, de\u00a0<strong>normes sociales<\/strong>\u00a0et\u00a0<strong>\u00e9cologiques\u00a0<\/strong>tr\u00e8s strictes.<\/p>\n<p style=\"text-align: justify;\">Nous \u0153uvrons dans la distribution et la promotion de l\u2019offre \u00e9manant de producteurs fran\u00e7ais qui font le n\u00e9cessaire pour devenir un substitut, responsable et \u00e9cologique, au commerce actuel.<\/p>\n<p style=\"text-align: justify;\"><img loading=\"lazy\" decoding=\"async\" class=\"alignleft\" src=\"https:\/\/persoclo.fr\/wp-content\/uploads\/2015\/11\/PEA-400x400.gif\" alt=\"Nos ambitions\" width=\"313\" height=\"189\" \/><\/p>\n<ul style=\"text-align: justify;\">\n<li>Proposer une alternative au syst\u00e8me bas\u00e9 sur l\u2019offre, pour une production r\u00e9pondant \u00e0 une demande. La votre.<\/li>\n<li>Mettre en valeur les producteurs fran\u00e7ais respectueux de l\u2019environnement.<\/li>\n<li>Promouvoir les savoir-faire, les ressources humaines et mat\u00e9rielles locales.<\/li>\n<li>Mettre en lumi\u00e8re les initiatives responsables et durables.<\/li>\n<\/ul>\n<p style=\"text-align: justify;\"><strong>Alors \u00e0 vous de jouer !!!\u00a0\u00a0<\/strong><\/p>\n\t\t\t\t<\/div>\n\t\t\t<\/div>\n\t\t<\/div>\n\t\t<\/div>\n<\/div>\n<\/div><\/div><div id=\"panel-281-0-0-2\" class=\"so-panel widget widget_sow-button panel-last-child\" data-index=\"2\" ><div\n\t\t\t\n\t\t\tclass=\"so-widget-sow-button so-widget-sow-button-wire-e98df31989db-281\"\n\t\t\t\n\t\t><div class=\"ow-button-base ow-button-align-center\"\n>\n\t\t\t<a\n\t\t\t\t\thref=\"http:\/\/persoclo.fr\/besoin-daide\/qui-sommes-nous\/partenaires\/\"\n\t\t\t\t\tclass=\"sowb-button ow-icon-placement-left ow-button-hover\" \t>\n\t\t<span>\n\t\t\t\t\t\t\t<div class=\"sow-icon-image\" style=\"background-image: url(https:\/\/persoclo.fr\/wp-content\/uploads\/2016\/03\/PARTENAIRES-150x150.gif)\"><\/div>\n\t\t\t\t\n\t\t\tNos partenaires\t\t<\/span>\n\t\t\t<\/a>\n\t<\/div>\n<\/div><\/div><\/div><\/div><\/div><\/div>","protected":false},"excerpt":{"rendered":"<p>L&#8217;histoire Tout commence par un constat: La mode a une responsabilit\u00e9 dans les principaux enjeux sociaux et environnementaux. La plupart des produits textiles sont fabriqu\u00e9s en Asie. Certains mat\u00e9riaux utilis\u00e9s [&hellip;]<\/p>\n","protected":false},"author":91,"featured_media":0,"parent":745,"menu_order":0,"comment_status":"closed","ping_status":"closed","template":"template-full-width.php","meta":{"footnotes":""},"class_list":["post-281","page","type-page","status-publish","hentry"],"translation":{"provider":"WPGlobus","version":"3.0.2","language":"en","enabled_languages":["fr","en"],"languages":{"fr":{"title":true,"content":true,"excerpt":false},"en":{"title":false,"content":false,"excerpt":false}}},"aioseo_notices":[],"_links":{"self":[{"href":"https:\/\/persoclo.fr\/en\/wp-json\/wp\/v2\/pages\/281","targetHints":{"allow":["GET"]}}],"collection":[{"href":"https:\/\/persoclo.fr\/en\/wp-json\/wp\/v2\/pages"}],"about":[{"href":"https:\/\/persoclo.fr\/en\/wp-json\/wp\/v2\/types\/page"}],"author":[{"embeddable":true,"href":"https:\/\/persoclo.fr\/en\/wp-json\/wp\/v2\/users\/91"}],"replies":[{"embeddable":true,"href":"https:\/\/persoclo.fr\/en\/wp-json\/wp\/v2\/comments?post=281"}],"version-history":[{"count":65,"href":"https:\/\/persoclo.fr\/en\/wp-json\/wp\/v2\/pages\/281\/revisions"}],"predecessor-version":[{"id":21623,"href":"https:\/\/persoclo.fr\/en\/wp-json\/wp\/v2\/pages\/281\/revisions\/21623"}],"up":[{"embeddable":true,"href":"https:\/\/persoclo.fr\/en\/wp-json\/wp\/v2\/pages\/745"}],"wp:attachment":[{"href":"https:\/\/persoclo.fr\/en\/wp-json\/wp\/v2\/media?parent=281"}],"curies":[{"name":"wp","href":"https:\/\/api.w.org\/{rel}","templated":true}]}}